{"id":739,"date":"2026-02-21T12:14:16","date_gmt":"2026-02-21T15:14:16","guid":{"rendered":"https:\/\/expoqueijobrasil.com.br\/vencedores\/"},"modified":"2026-03-14T09:59:54","modified_gmt":"2026-03-14T12:59:54","slug":"vencedores","status":"publish","type":"page","link":"https:\/\/expoqueijobrasil.com.br\/fr\/vencedores\/","title":{"rendered":"Gagnants"},"content":{"rendered":"\t\t<div data-elementor-type=\"wp-page\" data-elementor-id=\"739\" class=\"elementor elementor-739 elementor-23\" data-elementor-post-type=\"page\">\n\t\t\t\t<div class=\"elementor-element elementor-element-dfa2ec1 e-con-full e-flex e-con e-parent\" data-id=\"dfa2ec1\" data-element_type=\"container\" data-e-type=\"container\" data-settings=\"{&quot;background_background&quot;:&quot;classic&quot;}\">\n\t\t\t\t<div class=\"elementor-element elementor-element-aec76b3 expo-text-reveal elementor-widget elementor-widget-heading\" data-id=\"aec76b3\" data-element_type=\"widget\" data-e-type=\"widget\" data-widget_type=\"heading.default\">\n\t\t\t\t\t<h1 class=\"elementor-heading-title elementor-size-default\">Vencedores<\/h1>\t\t\t\t<\/div>\n\t\t\t\t<div class=\"elementor-element elementor-element-8c02a06 expo-word-reveal elementor-widget elementor-widget-text-editor\" data-id=\"8c02a06\" data-element_type=\"widget\" data-e-type=\"widget\" data-widget_type=\"text-editor.default\">\n\t\t\t\t\t\t\t\t\t<p style=\"text-align:center; color: rgba(255,255,255,0.7); font-family: Montserrat; font-size: 16px; letter-spacing: 2px; text-transform: uppercase; margin-top: 16px;\">Hall da Fama do Queijo Artesanal<\/p>\t\t\t\t\t\t\t\t<\/div>\n\t\t\t\t<\/div>\n\t\t<div class=\"elementor-element elementor-element-36a2659 e-con-boxed e-flex e-con e-parent\" data-id=\"36a2659\" data-element_type=\"container\" data-e-type=\"container\" data-settings=\"{&quot;background_background&quot;:&quot;classic&quot;}\">\n\t\t\t\t\t<div class=\"e-con-inner\">\n\t\t\t\t<div class=\"elementor-element elementor-element-74f11f0 expo-text-reveal elementor-widget elementor-widget-text-editor\" data-id=\"74f11f0\" data-element_type=\"widget\" data-e-type=\"widget\" data-widget_type=\"text-editor.default\">\n\t\t\t\t\t\t\t\t\t<h2 style=\"font-family: DM Serif Display; font-size: 36px; margin-bottom: 24px;\">Vencedores das Edi\u00e7\u00f5es Anteriores<\/h2>\r\n                <p>Conhe\u00e7a os queijos que foram destaque nas edi\u00e7\u00f5es anteriores da ExpoQueijo Brasil. Cada edi\u00e7\u00e3o celebra o trabalho, a dedica\u00e7\u00e3o e a excel\u00eancia dos produtores de queijo artesanal brasileiro.<\/p>\r\n                <p>Em breve, divulgaremos os vencedores da 6\u00aa edi\u00e7\u00e3o \u2014 2026.<\/p>\t\t\t\t\t\t\t\t<\/div>\n\t\t\t\t\t<\/div>\n\t\t\t\t<\/div>\n\t\t<div class=\"elementor-element elementor-element-ed47b59 e-con-boxed e-flex e-con e-parent\" data-id=\"ed47b59\" data-element_type=\"container\" data-e-type=\"container\" data-settings=\"{&quot;background_background&quot;:&quot;classic&quot;}\">\n\t\t\t\t\t<div class=\"e-con-inner\">\n\t\t\t\t<div class=\"elementor-element elementor-element-5795238 elementor-widget elementor-widget-heading\" data-id=\"5795238\" data-element_type=\"widget\" data-e-type=\"widget\" data-widget_type=\"heading.default\">\n\t\t\t\t\t<h2 class=\"elementor-heading-title elementor-size-default\">Inscreva seu Queijo em 2026<\/h2>\t\t\t\t<\/div>\n\t\t\t\t<div class=\"elementor-element elementor-element-1db7168 elementor-align-center elementor-button-default expo-btn expo-btn-accent elementor-widget elementor-widget-button\" data-id=\"1db7168\" data-element_type=\"widget\" data-e-type=\"widget\" data-widget_type=\"button.default\">\n\t\t\t\t\t\t\t\t\t\t<a class=\"elementor-button elementor-button-link elementor-size-sm\" href=\"https:\/\/expoqueijobrasil.com.br\/fr\/faca-sua-inscricao\/\">\n\t\t\t\t\t\t<span class=\"elementor-button-content-wrapper\">\n\t\t\t\t\t\t\t\t\t<span class=\"elementor-button-text\">Fazer Inscri\u00e7\u00e3o<\/span>\n\t\t\t\t\t<\/span>\n\t\t\t\t\t<\/a>\n\t\t\t\t\t\t\t\t<\/div>\n\t\t\t\t\t<\/div>\n\t\t\t\t<\/div>\n\t\t\t\t<\/div>\n\t\t","protected":false},"excerpt":{"rendered":"<p>Gagnants du Concours International de Fromages \u2014 ExpoQueijo Br\u00e9sil 2026. M\u00e9dailles Super Or, Or, Argent et Bronze.<\/p>\n","protected":false},"author":2,"featured_media":0,"parent":0,"menu_order":8,"comment_status":"closed","ping_status":"closed","template":"elementor_header_footer","meta":{"_acf_changed":false,"footnotes":""},"class_list":["post-739","page","type-page","status-publish","hentry"],"acf":[],"_links":{"self":[{"href":"https:\/\/expoqueijobrasil.com.br\/fr\/wp-json\/wp\/v2\/pages\/739","targetHints":{"allow":["GET"]}}],"collection":[{"href":"https:\/\/expoqueijobrasil.com.br\/fr\/wp-json\/wp\/v2\/pages"}],"about":[{"href":"https:\/\/expoqueijobrasil.com.br\/fr\/wp-json\/wp\/v2\/types\/page"}],"author":[{"embeddable":true,"href":"https:\/\/expoqueijobrasil.com.br\/fr\/wp-json\/wp\/v2\/users\/2"}],"replies":[{"embeddable":true,"href":"https:\/\/expoqueijobrasil.com.br\/fr\/wp-json\/wp\/v2\/comments?post=739"}],"version-history":[{"count":2,"href":"https:\/\/expoqueijobrasil.com.br\/fr\/wp-json\/wp\/v2\/pages\/739\/revisions"}],"predecessor-version":[{"id":741,"href":"https:\/\/expoqueijobrasil.com.br\/fr\/wp-json\/wp\/v2\/pages\/739\/revisions\/741"}],"wp:attachment":[{"href":"https:\/\/expoqueijobrasil.com.br\/fr\/wp-json\/wp\/v2\/media?parent=739"}],"curies":[{"name":"wp","href":"https:\/\/api.w.org\/{rel}","templated":true}]}}