{"id":732,"date":"2026-02-21T12:14:16","date_gmt":"2026-02-21T15:14:16","guid":{"rendered":"https:\/\/expoqueijobrasil.com.br\/faca-sua-inscricao\/"},"modified":"2026-04-15T21:43:00","modified_gmt":"2026-04-16T00:43:00","slug":"faca-sua-inscricao","status":"publish","type":"page","link":"https:\/\/expoqueijobrasil.com.br\/fr\/faca-sua-inscricao\/","title":{"rendered":"Inscrivez-vous"},"content":{"rendered":"\t\t<div data-elementor-type=\"wp-page\" data-elementor-id=\"732\" class=\"elementor elementor-732 elementor-22\" data-elementor-post-type=\"page\">\n\t\t\t\t<div class=\"elementor-element elementor-element-f6c29e1 e-con-full e-flex e-con e-parent\" data-id=\"f6c29e1\" data-element_type=\"container\" data-e-type=\"container\" data-settings=\"{&quot;background_background&quot;:&quot;classic&quot;}\">\n\t\t\t\t<div class=\"elementor-element elementor-element-916ed30 expo-text-reveal elementor-widget elementor-widget-heading\" data-id=\"916ed30\" data-element_type=\"widget\" data-e-type=\"widget\" data-widget_type=\"heading.default\">\n\t\t\t\t\t<h1 class=\"elementor-heading-title elementor-size-default\">Inscrivez-vous<\/h1>\t\t\t\t<\/div>\n\t\t\t\t<div class=\"elementor-element elementor-element-36f75a4 expo-word-reveal elementor-widget elementor-widget-text-editor\" data-id=\"36f75a4\" data-element_type=\"widget\" data-e-type=\"widget\" data-widget_type=\"text-editor.default\">\n\t\t\t\t\t\t\t\t\t<p style=\"text-align:center; color: rgba(255,255,255,0.7); font-family: Montserrat; font-size: 16px; letter-spacing: 2px; text-transform: uppercase; margin-top: 16px;\">Concours de Fromages 2026<\/p>\t\t\t\t\t\t\t\t<\/div>\n\t\t\t\t<\/div>\n\t\t<div class=\"elementor-element elementor-element-225e84f e-flex e-con-boxed e-con e-parent\" data-id=\"225e84f\" data-element_type=\"container\" data-e-type=\"container\" data-settings=\"{&quot;background_background&quot;:&quot;classic&quot;}\">\n\t\t\t\t\t<div class=\"e-con-inner\">\n\t\t<div class=\"elementor-element elementor-element-eb936d8 e-con-full e-flex e-con e-child\" data-id=\"eb936d8\" data-element_type=\"container\" data-e-type=\"container\">\n\t\t\t\t<div class=\"elementor-element elementor-element-d4f43cf elementor-widget elementor-widget-heading\" data-id=\"d4f43cf\" data-element_type=\"widget\" data-e-type=\"widget\" data-widget_type=\"heading.default\">\n\t\t\t\t\t<h2 class=\"elementor-heading-title elementor-size-default\">Inscrivez votre fromage<\/h2>\t\t\t\t<\/div>\n\t\t\t\t<div class=\"elementor-element elementor-element-af8cc7d expo-text-reveal elementor-widget elementor-widget-text-editor\" data-id=\"af8cc7d\" data-element_type=\"widget\" data-e-type=\"widget\" data-widget_type=\"text-editor.default\">\n\t\t\t\t\t\t\t\t\t<p>Participez aux Arax\u00e1 International Cheese Awards 2026. Les inscriptions sont ouvertes aux producteurs de fromages artisanaux de tout le Br\u00e9sil.<\/p>\t\t\t\t\t\t\t\t<\/div>\n\t\t\t\t<\/div>\n\t\t<div class=\"elementor-element elementor-element-6d6a7b0 e-con-full e-flex e-con e-child\" data-id=\"6d6a7b0\" data-element_type=\"container\" data-e-type=\"container\">\n\t\t\t\t<div class=\"elementor-element elementor-element-6a6b273 elementor-widget elementor-widget-heading\" data-id=\"6a6b273\" data-element_type=\"widget\" data-e-type=\"widget\" data-widget_type=\"heading.default\">\n\t\t\t\t\t<h2 class=\"elementor-heading-title elementor-size-default\">Date limite d'inscription<\/h2>\t\t\t\t<\/div>\n\t\t\t\t<div class=\"elementor-element elementor-element-48f19b9 expo-text-reveal elementor-widget elementor-widget-text-editor\" data-id=\"48f19b9\" data-element_type=\"widget\" data-e-type=\"widget\" data-widget_type=\"text-editor.default\">\n\t\t\t\t\t\t\t\t\t<p>Les inscriptions devront \u00eatre effectu\u00e9es entre <strong>le 16 avril et le 30 mai 2026<\/strong>.<\/p>\t\t\t\t\t\t\t\t<\/div>\n\t\t\t\t<\/div>\n\t\t<div class=\"elementor-element elementor-element-1b64db6 e-con-full e-flex e-con e-child\" data-id=\"1b64db6\" data-element_type=\"container\" data-e-type=\"container\">\n\t\t\t\t<div class=\"elementor-element elementor-element-879dc1f elementor-widget elementor-widget-heading\" data-id=\"879dc1f\" data-element_type=\"widget\" data-e-type=\"widget\" data-widget_type=\"heading.default\">\n\t\t\t\t\t<h2 class=\"elementor-heading-title elementor-size-default\">Frais d'inscription<\/h2>\t\t\t\t<\/div>\n\t\t\t\t<div class=\"elementor-element elementor-element-29701a7 expo-text-reveal elementor-widget elementor-widget-text-editor\" data-id=\"29701a7\" data-element_type=\"widget\" data-e-type=\"widget\" data-widget_type=\"text-editor.default\">\n\t\t\t\t\t\t\t\t\t<p><strong>Fromages nationaux :<\/strong><\/p><p>Jusqu&rsquo;au <strong>30 avril 2026<\/strong>, le tarif promotionnel est de <strong>180,00 R$<\/strong>, avec droit \u00e0 l&rsquo;inscription de jusqu&rsquo;\u00e0 <strong>3 fromages<\/strong>, \u00e0 condition que chacun soit dans une cat\u00e9gorie distincte. Pour les inscriptions suppl\u00e9mentaires, <strong>80,00 R$<\/strong> seront factur\u00e9s par fromage.<\/p><p>\u00c0 partir du <strong>1er mai 2026<\/strong>, le tarif passe \u00e0 <strong>200,00 R$<\/strong>, \u00e9galement avec droit \u00e0 l&rsquo;inscription de jusqu&rsquo;\u00e0 <strong>3 fromages<\/strong>, et <strong>90,00 R$<\/strong> par fromage suppl\u00e9mentaire.<\/p><p><strong>Fromages \u00e9trangers :<\/strong> aucun frais d&rsquo;inscription ne sera factur\u00e9.<\/p>\t\t\t\t\t\t\t\t<\/div>\n\t\t\t\t<\/div>\n\t\t<div class=\"elementor-element elementor-element-b26ed9b e-con-full e-flex e-con e-child\" data-id=\"b26ed9b\" data-element_type=\"container\" data-e-type=\"container\">\n\t\t\t\t<div class=\"elementor-element elementor-element-3939b17 elementor-widget elementor-widget-heading\" data-id=\"3939b17\" data-element_type=\"widget\" data-e-type=\"widget\" data-widget_type=\"heading.default\">\n\t\t\t\t\t<h2 class=\"elementor-heading-title elementor-size-default\">Envoi des \u00e9chantillons<\/h2>\t\t\t\t<\/div>\n\t\t\t\t<div class=\"elementor-element elementor-element-d5aa9e9 expo-text-reveal elementor-widget elementor-widget-text-editor\" data-id=\"d5aa9e9\" data-element_type=\"widget\" data-e-type=\"widget\" data-widget_type=\"text-editor.default\">\n\t\t\t\t\t\t\t\t\t<p>Les \u00e9chantillons devront \u00eatre envoy\u00e9s dans l&rsquo;<strong>emballage d&rsquo;origine<\/strong>, contenant le <strong>sceau d&rsquo;enregistrement sanitaire officiel<\/strong>, conditionn\u00e9s dans un <strong>sac plastique transparent<\/strong> et accompagn\u00e9s de la <strong>fiche d&rsquo;inscription \u00e9mise par le syst\u00e8me officiel du concours<\/strong>.<\/p><p>Une fiche d&rsquo;inscription devra \u00eatre imprim\u00e9e pour chaque \u00e9chantillon, y compris l&rsquo;\u00e9preuve et la contre-\u00e9preuve, fix\u00e9e sur chaque produit avec les informations et le QR Code visibles et lisibles. La r\u00e9ception en personne des \u00e9chantillons par la Commission Organisatrice aura lieu les <strong>24 et 25 juin 2026<\/strong>, de <strong>9h \u00e0 17h30<\/strong>, sur le lieu de l&rsquo;\u00e9v\u00e9nement.<\/p>\t\t\t\t\t\t\t\t<\/div>\n\t\t\t\t<\/div>\n\t\t<div class=\"elementor-element elementor-element-17233d8 e-con-full e-flex e-con e-child\" data-id=\"17233d8\" data-element_type=\"container\" data-e-type=\"container\">\n\t\t\t\t<div class=\"elementor-element elementor-element-85b02a0 elementor-widget elementor-widget-heading\" data-id=\"85b02a0\" data-element_type=\"widget\" data-e-type=\"widget\" data-widget_type=\"heading.default\">\n\t\t\t\t\t<h2 class=\"elementor-heading-title elementor-size-default\">Points de collecte de fromages inscrits<\/h2>\t\t\t\t<\/div>\n\t\t<div class=\"elementor-element elementor-element-91a72a1 e-con-full e-flex e-con e-child\" data-id=\"91a72a1\" data-element_type=\"container\" data-e-type=\"container\">\n\t\t\t\t<div class=\"elementor-element elementor-element-5eef48b elementor-widget__width-auto expo-text-reveal elementor-widget elementor-widget-icon-box\" data-id=\"5eef48b\" data-element_type=\"widget\" data-e-type=\"widget\" data-widget_type=\"icon-box.default\">\n\t\t\t\t\t\t\t<div class=\"elementor-icon-box-wrapper\">\n\n\t\t\t\n\t\t\t\t\t\t<div class=\"elementor-icon-box-content\">\n\n\t\t\t\t\t\t\t\t\t<h3 class=\"elementor-icon-box-title\">\n\t\t\t\t\t\t<span  >\n\t\t\t\t\t\t\tARAX\u00c1 | MINAS GERAIS | BR\u00c9SIL - Jusqu'au 24\/06\t\t\t\t\t\t<\/span>\n\t\t\t\t\t<\/h3>\n\t\t\t\t\n\t\t\t\t\t\t\t\t\t<p class=\"elementor-icon-box-description\">\n\t\t\t\t\t\t<b>Horaire : <\/b>de 8h30 \u00e0 17h00<br>\nDestinataire : BONARE EVENTOS E EMPREENDIMENTOS LTDA.<br>\nRua Dom Bosco, 20 \u2013 boutique 01 - Centre, Arax\u00e1 - MG, 38.183-228<br>\n<b>Contact :<\/b> <a href=\"tel:+5534999218585\">34 99921 8585 <\/a>\t\t\t\t\t<\/p>\n\t\t\t\t\n\t\t\t<\/div>\n\t\t\t\n\t\t<\/div>\n\t\t\t\t\t\t<\/div>\n\t\t\t\t<div class=\"elementor-element elementor-element-1652676 elementor-widget__width-auto expo-text-reveal elementor-widget elementor-widget-icon-box\" data-id=\"1652676\" data-element_type=\"widget\" data-e-type=\"widget\" data-widget_type=\"icon-box.default\">\n\t\t\t\t\t\t\t<div class=\"elementor-icon-box-wrapper\">\n\n\t\t\t\n\t\t\t\t\t\t<div class=\"elementor-icon-box-content\">\n\n\t\t\t\t\t\t\t\t\t<h3 class=\"elementor-icon-box-title\">\n\t\t\t\t\t\t<span  >\n\t\t\t\t\t\t\tS\u00c3O PAULO | S\u00c3O PAULO | BR\u00c9SIL \u2013 Jusqu'au 23\/06\t\t\t\t\t\t<\/span>\n\t\t\t\t\t<\/h3>\n\t\t\t\t\n\t\t\t\t\t\t\t\t\t<p class=\"elementor-icon-box-description\">\n\t\t\t\t\t\t<b>Horaire : <\/b>de 7h00 \u00e0 16h00<br>\nDestinataire : Rota do Queijo - \u00e0 l'attention de Magno<br>\nRua Porto Alegre, 56 - Vila Bertioga CEP : 03185-020<br>\n<b>Contact :<\/b> <a href=\"tel:+5511972708171\">11 97270 8171<\/a>\t\t\t\t\t<\/p>\n\t\t\t\t\n\t\t\t<\/div>\n\t\t\t\n\t\t<\/div>\n\t\t\t\t\t\t<\/div>\n\t\t\t\t<\/div>\n\t\t<div class=\"elementor-element elementor-element-e229100 e-con-full e-flex e-con e-child\" data-id=\"e229100\" data-element_type=\"container\" data-e-type=\"container\">\n\t\t\t\t<div class=\"elementor-element elementor-element-c07e21b elementor-widget__width-auto expo-text-reveal elementor-widget elementor-widget-icon-box\" data-id=\"c07e21b\" data-element_type=\"widget\" data-e-type=\"widget\" data-widget_type=\"icon-box.default\">\n\t\t\t\t\t\t\t<div class=\"elementor-icon-box-wrapper\">\n\n\t\t\t\n\t\t\t\t\t\t<div class=\"elementor-icon-box-content\">\n\n\t\t\t\t\t\t\t\t\t<h3 class=\"elementor-icon-box-title\">\n\t\t\t\t\t\t<span  >\n\t\t\t\t\t\t\tZOGNO | LOMBARDIE | ITALIE \u2013 Jusqu'au 22\/06\t\t\t\t\t\t<\/span>\n\t\t\t\t\t<\/h3>\n\t\t\t\t\n\t\t\t\t\t\t\t\t\t<p class=\"elementor-icon-box-description\">\n\t\t\t\t\t\tDestinataire : LATTERIA DI BRANZI<br>Via Grotte Delle Meravilie, 14C, 24019 - Zogno BG<br>\t\t\t\t\t<\/p>\n\t\t\t\t\n\t\t\t<\/div>\n\t\t\t\n\t\t<\/div>\n\t\t\t\t\t\t<\/div>\n\t\t\t\t<div class=\"elementor-element elementor-element-5f9550f expo-text-reveal elementor-widget elementor-widget-icon-box\" data-id=\"5f9550f\" data-element_type=\"widget\" data-e-type=\"widget\" data-widget_type=\"icon-box.default\">\n\t\t\t\t\t\t\t<div class=\"elementor-icon-box-wrapper\">\n\n\t\t\t\n\t\t\t\t\t\t<div class=\"elementor-icon-box-content\">\n\n\t\t\t\t\t\t\t\t\t<h3 class=\"elementor-icon-box-title\">\n\t\t\t\t\t\t<span  >\n\t\t\t\t\t\t\tPORTUGAL \/ LISBONNE - Jusqu'au 15\/06\t\t\t\t\t\t<\/span>\n\t\t\t\t\t<\/h3>\n\t\t\t\t\n\t\t\t\t\t\t\t\t\t<p class=\"elementor-icon-box-description\">\n\t\t\t\t\t\tDestinataire : ANNA CLARA B. HUSSEIN ZANUTO<br>\nAvenida Minas Gerais, 13, 4F. Oeiras, 2780206.<br>\t\t\t\t\t<\/p>\n\t\t\t\t\n\t\t\t<\/div>\n\t\t\t\n\t\t<\/div>\n\t\t\t\t\t\t<\/div>\n\t\t\t\t<\/div>\n\t\t<div class=\"elementor-element elementor-element-0b48bca e-con-full e-flex e-con e-child\" data-id=\"0b48bca\" data-element_type=\"container\" data-e-type=\"container\">\n\t\t\t\t<div class=\"elementor-element elementor-element-947e1d6 expo-text-reveal elementor-widget elementor-widget-icon-box\" data-id=\"947e1d6\" data-element_type=\"widget\" data-e-type=\"widget\" data-widget_type=\"icon-box.default\">\n\t\t\t\t\t\t\t<div class=\"elementor-icon-box-wrapper\">\n\n\t\t\t\n\t\t\t\t\t\t<div class=\"elementor-icon-box-content\">\n\n\t\t\t\t\t\t\t\t\t<h3 class=\"elementor-icon-box-title\">\n\t\t\t\t\t\t<span  >\n\t\t\t\t\t\t\tR. \u00c1GUAS DO ARAX\u00c1, S\/N, BARREIRO, ARAX\u00c1-MG\t\t\t\t\t\t<\/span>\n\t\t\t\t\t<\/h3>\n\t\t\t\t\n\t\t\t\t\t\t\t\t\t<p class=\"elementor-icon-box-description\">\n\t\t\t\t\t\t<b>ATTENTION :<\/b> La remise des fromages en mains propres \u00e0 la Commission Organisatrice aura lieu le 25 juin sur le lieu de l'\u00e9v\u00e9nement, de 9h \u00e0 17h30. Aucun fromage ne sera accept\u00e9 apr\u00e8s cet horaire.<br>\n<b>Contact :<\/b> <a href=\"tel:+5534999218585\">34 99921 8585<\/a>\t\t\t\t\t<\/p>\n\t\t\t\t\n\t\t\t<\/div>\n\t\t\t\n\t\t<\/div>\n\t\t\t\t\t\t<\/div>\n\t\t\t\t<\/div>\n\t\t\t\t<\/div>\n\t\t<div class=\"elementor-element elementor-element-c21e8b8 e-con-full e-flex e-con e-child\" data-id=\"c21e8b8\" data-element_type=\"container\" data-e-type=\"container\">\n\t\t\t\t<div class=\"elementor-element elementor-element-dc0cb85 elementor-widget elementor-widget-text-editor\" data-id=\"dc0cb85\" data-element_type=\"widget\" data-e-type=\"widget\" data-widget_type=\"text-editor.default\">\n\t\t\t\t\t\t\t\t\t<div class=\"expo-word-reveal\" style=\"margin-top: 48px;\"><a class=\"expo-pill expo-pill-primary\" href=\"https:\/\/expoqueijobrasil.com.br\/wp-content\/uploads\/2026\/04\/Regulamento-ExpoQueijo-Brasil-2026-1.pdf\">\nR\u00e8glement\n<\/a><\/div>\t\t\t\t\t\t\t\t<\/div>\n\t\t\t\t<div class=\"elementor-element elementor-element-dc999f5 elementor-widget elementor-widget-text-editor\" data-id=\"dc999f5\" data-element_type=\"widget\" data-e-type=\"widget\" id=\"widget-liberado\" data-widget_type=\"text-editor.default\">\n\t\t\t\t\t\t\t\t\t<div class=\"expo-word-reveal\" style=\"margin-top: 48px;\"><a class=\"expo-pill expo-pill-primary\" href=\"https:\/\/concurso.expoqueijobrasil.com.br\/\" target=\"_blank\" rel=\"noopener\"><br \/><span class=\"expo-pill-arrow\">\u2192<\/span> Inscription<br \/><\/a><\/div>\t\t\t\t\t\t\t\t<\/div>\n\t\t\t\t<\/div>\n\t\t\t\t\t<\/div>\n\t\t\t\t<\/div>\n\t\t<div class=\"elementor-element elementor-element-2e51b85 e-flex e-con-boxed e-con e-parent\" data-id=\"2e51b85\" data-element_type=\"container\" data-e-type=\"container\" data-settings=\"{&quot;background_background&quot;:&quot;classic&quot;}\">\n\t\t\t\t\t<div class=\"e-con-inner\">\n\t\t\t\t<div class=\"elementor-element elementor-element-c89841e elementor-widget elementor-widget-heading\" data-id=\"c89841e\" data-element_type=\"widget\" data-e-type=\"widget\" data-widget_type=\"heading.default\">\n\t\t\t\t\t<h2 class=\"elementor-heading-title elementor-size-default\">Des questions sur l'inscription ?<\/h2>\t\t\t\t<\/div>\n\t\t\t\t<div class=\"elementor-element elementor-element-56d2db8 elementor-align-center elementor-button-default expo-btn expo-btn-accent elementor-widget elementor-widget-button\" data-id=\"56d2db8\" data-element_type=\"widget\" data-e-type=\"widget\" data-widget_type=\"button.default\">\n\t\t\t\t\t\t\t\t\t\t<a class=\"elementor-button elementor-button-link elementor-size-sm\" href=\"\/contato\/\">\n\t\t\t\t\t\t<span class=\"elementor-button-content-wrapper\">\n\t\t\t\t\t\t\t\t\t<span class=\"elementor-button-text\">Contactez-nous<\/span>\n\t\t\t\t\t<\/span>\n\t\t\t\t\t<\/a>\n\t\t\t\t\t\t\t\t<\/div>\n\t\t\t\t\t<\/div>\n\t\t\t\t<\/div>\n\t\t\t\t<\/div>\n\t\t","protected":false},"excerpt":{"rendered":"<p>Inscriptions pour l&rsquo;ExpoQueijo Br\u00e9sil 2026. Exposants, concurrents et participants.<\/p>\n","protected":false},"author":2,"featured_media":0,"parent":0,"menu_order":7,"comment_status":"closed","ping_status":"closed","template":"elementor_header_footer","meta":{"_acf_changed":false,"footnotes":""},"class_list":["post-732","page","type-page","status-publish","hentry"],"acf":[],"_links":{"self":[{"href":"https:\/\/expoqueijobrasil.com.br\/fr\/wp-json\/wp\/v2\/pages\/732","targetHints":{"allow":["GET"]}}],"collection":[{"href":"https:\/\/expoqueijobrasil.com.br\/fr\/wp-json\/wp\/v2\/pages"}],"about":[{"href":"https:\/\/expoqueijobrasil.com.br\/fr\/wp-json\/wp\/v2\/types\/page"}],"author":[{"embeddable":true,"href":"https:\/\/expoqueijobrasil.com.br\/fr\/wp-json\/wp\/v2\/users\/2"}],"replies":[{"embeddable":true,"href":"https:\/\/expoqueijobrasil.com.br\/fr\/wp-json\/wp\/v2\/comments?post=732"}],"version-history":[{"count":145,"href":"https:\/\/expoqueijobrasil.com.br\/fr\/wp-json\/wp\/v2\/pages\/732\/revisions"}],"predecessor-version":[{"id":1753,"href":"https:\/\/expoqueijobrasil.com.br\/fr\/wp-json\/wp\/v2\/pages\/732\/revisions\/1753"}],"wp:attachment":[{"href":"https:\/\/expoqueijobrasil.com.br\/fr\/wp-json\/wp\/v2\/media?parent=732"}],"curies":[{"name":"wp","href":"https:\/\/api.w.org\/{rel}","templated":true}]}}