{"id":718,"date":"2026-02-21T12:14:16","date_gmt":"2026-02-21T15:14:16","guid":{"rendered":"https:\/\/expoqueijobrasil.com.br\/vila-gastronomica\/"},"modified":"2026-03-14T09:57:19","modified_gmt":"2026-03-14T12:57:19","slug":"vila-gastronomica","status":"publish","type":"page","link":"https:\/\/expoqueijobrasil.com.br\/es\/vila-gastronomica\/","title":{"rendered":"Villa Gastron\u00f3mica"},"content":{"rendered":"\t\t<div data-elementor-type=\"wp-page\" data-elementor-id=\"718\" class=\"elementor elementor-718 elementor-20\" data-elementor-post-type=\"page\">\n\t\t\t\t<div class=\"elementor-element elementor-element-c4707cc e-con-full e-flex e-con e-parent\" data-id=\"c4707cc\" data-element_type=\"container\" data-e-type=\"container\" data-settings=\"{&quot;background_background&quot;:&quot;classic&quot;}\">\n\t\t\t\t<div class=\"elementor-element elementor-element-84d5ca4 expo-text-reveal elementor-widget elementor-widget-heading\" data-id=\"84d5ca4\" data-element_type=\"widget\" data-e-type=\"widget\" data-widget_type=\"heading.default\">\n\t\t\t\t\t<h1 class=\"elementor-heading-title elementor-size-default\">Vila Gastron\u00f3mica<\/h1>\t\t\t\t<\/div>\n\t\t\t\t<div class=\"elementor-element elementor-element-2ca07ba expo-word-reveal elementor-widget elementor-widget-text-editor\" data-id=\"2ca07ba\" data-element_type=\"widget\" data-e-type=\"widget\" data-widget_type=\"text-editor.default\">\n\t\t\t\t\t\t\t\t\t<p style=\"text-align:center; color: rgba(255,255,255,0.7); font-family: Montserrat; font-size: 16px; letter-spacing: 2px; text-transform: uppercase; margin-top: 16px;\">Experiencias Gastron\u00f3micas<\/p>\t\t\t\t\t\t\t\t<\/div>\n\t\t\t\t<\/div>\n\t\t<div class=\"elementor-element elementor-element-4a49f24 e-con-boxed e-flex e-con e-parent\" data-id=\"4a49f24\" data-element_type=\"container\" data-e-type=\"container\" data-settings=\"{&quot;background_background&quot;:&quot;classic&quot;}\">\n\t\t\t\t\t<div class=\"e-con-inner\">\n\t\t\t\t<div class=\"elementor-element elementor-element-deb41a5 expo-text-reveal elementor-widget elementor-widget-text-editor\" data-id=\"deb41a5\" data-element_type=\"widget\" data-e-type=\"widget\" data-widget_type=\"text-editor.default\">\n\t\t\t\t\t\t\t\t\t<h2 style=\"font-family: DM Serif Display; font-size: 36px; margin-bottom: 24px;\">Una experiencia para todos los sentidos<\/h2>\n                <p>La Villa Gastron\u00f3mica es el coraz\u00f3n gastron\u00f3mico de la ExpoQueijo. Chefs renombrados preparan platos exclusivos utilizando quesos artesanales brasile\u00f1os como protagonistas.<\/p>\n                <p>Disfrute de armonizaciones con vinos, cervezas artesanales, cacha\u00e7as y otras bebidas cuidadosamente seleccionadas para realzar el sabor de los quesos.<\/p>\t\t\t\t\t\t\t\t<\/div>\n\t\t\t\t\t<\/div>\n\t\t\t\t<\/div>\n\t\t<div class=\"elementor-element elementor-element-9922093 e-con-boxed e-flex e-con e-parent\" data-id=\"9922093\" data-element_type=\"container\" data-e-type=\"container\" data-settings=\"{&quot;background_background&quot;:&quot;classic&quot;}\">\n\t\t\t\t\t<div class=\"e-con-inner\">\n\t\t\t\t<div class=\"elementor-element elementor-element-ca0955d elementor-widget elementor-widget-heading\" data-id=\"ca0955d\" data-element_type=\"widget\" data-e-type=\"widget\" data-widget_type=\"heading.default\">\n\t\t\t\t\t<h2 class=\"elementor-heading-title elementor-size-default\">Conozca la Programaci\u00f3n<\/h2>\t\t\t\t<\/div>\n\t\t\t\t<div class=\"elementor-element elementor-element-35076cb elementor-align-center elementor-button-default expo-btn expo-btn-accent elementor-widget elementor-widget-button\" data-id=\"35076cb\" data-element_type=\"widget\" data-e-type=\"widget\" data-widget_type=\"button.default\">\n\t\t\t\t\t\t\t\t\t\t<a class=\"elementor-button elementor-button-link elementor-size-sm\" href=\"\/programacao\/\">\n\t\t\t\t\t\t<span class=\"elementor-button-content-wrapper\">\n\t\t\t\t\t\t\t\t\t<span class=\"elementor-button-text\">Ver programaci\u00f3n<\/span>\n\t\t\t\t\t<\/span>\n\t\t\t\t\t<\/a>\n\t\t\t\t\t\t\t\t<\/div>\n\t\t\t\t\t<\/div>\n\t\t\t\t<\/div>\n\t\t\t\t<\/div>\n\t\t","protected":false},"excerpt":{"rendered":"<p>Vila Gastron\u00f3mica del ExpoQueijo Brasil 2026. Degustaci\u00f3n de quesos, gastronom\u00eda de Minas Gerais, m\u00fasica en vivo y cultura.<\/p>\n","protected":false},"author":2,"featured_media":0,"parent":0,"menu_order":5,"comment_status":"closed","ping_status":"closed","template":"elementor_header_footer","meta":{"_acf_changed":false,"footnotes":""},"class_list":["post-718","page","type-page","status-publish","hentry"],"acf":[],"_links":{"self":[{"href":"https:\/\/expoqueijobrasil.com.br\/es\/wp-json\/wp\/v2\/pages\/718","targetHints":{"allow":["GET"]}}],"collection":[{"href":"https:\/\/expoqueijobrasil.com.br\/es\/wp-json\/wp\/v2\/pages"}],"about":[{"href":"https:\/\/expoqueijobrasil.com.br\/es\/wp-json\/wp\/v2\/types\/page"}],"author":[{"embeddable":true,"href":"https:\/\/expoqueijobrasil.com.br\/es\/wp-json\/wp\/v2\/users\/2"}],"replies":[{"embeddable":true,"href":"https:\/\/expoqueijobrasil.com.br\/es\/wp-json\/wp\/v2\/comments?post=718"}],"version-history":[{"count":1,"href":"https:\/\/expoqueijobrasil.com.br\/es\/wp-json\/wp\/v2\/pages\/718\/revisions"}],"predecessor-version":[{"id":719,"href":"https:\/\/expoqueijobrasil.com.br\/es\/wp-json\/wp\/v2\/pages\/718\/revisions\/719"}],"wp:attachment":[{"href":"https:\/\/expoqueijobrasil.com.br\/es\/wp-json\/wp\/v2\/media?parent=718"}],"curies":[{"name":"wp","href":"https:\/\/api.w.org\/{rel}","templated":true}]}}