{"id":655,"date":"2026-02-21T12:14:16","date_gmt":"2026-02-21T15:14:16","guid":{"rendered":"https:\/\/expoqueijobrasil.com.br\/evento\/"},"modified":"2026-03-14T09:53:57","modified_gmt":"2026-03-14T12:53:57","slug":"evento","status":"publish","type":"page","link":"https:\/\/expoqueijobrasil.com.br\/es\/evento\/","title":{"rendered":"Event"},"content":{"rendered":"\t\t<div data-elementor-type=\"wp-page\" data-elementor-id=\"655\" class=\"elementor elementor-655 elementor-15\" data-elementor-post-type=\"page\">\n\t\t\t\t<div class=\"elementor-element elementor-element-b6daa67 e-con-full e-flex e-con e-parent\" data-id=\"b6daa67\" data-element_type=\"container\" data-e-type=\"container\" data-settings=\"{&quot;background_background&quot;:&quot;classic&quot;}\">\n\t\t\t\t<div class=\"elementor-element elementor-element-7af37e0 expo-text-reveal elementor-widget elementor-widget-heading\" data-id=\"7af37e0\" data-element_type=\"widget\" data-e-type=\"widget\" data-widget_type=\"heading.default\">\n\t\t\t\t\t<h1 class=\"elementor-heading-title elementor-size-default\">El Evento<\/h1>\t\t\t\t<\/div>\n\t\t\t\t<div class=\"elementor-element elementor-element-01fe658 expo-word-reveal elementor-widget elementor-widget-text-editor\" data-id=\"01fe658\" data-element_type=\"widget\" data-e-type=\"widget\" data-widget_type=\"text-editor.default\">\n\t\t\t\t\t\t\t\t\t<p style=\"text-align:center; color: rgba(255,255,255,0.7); font-family: Montserrat; font-size: 16px; letter-spacing: 2px; text-transform: uppercase; margin-top: 16px;\">ExpoQueso Brasil 2026<\/p>\t\t\t\t\t\t\t\t<\/div>\n\t\t\t\t<\/div>\n\t\t<div class=\"elementor-element elementor-element-ddd0b22 e-con-boxed e-flex e-con e-parent\" data-id=\"ddd0b22\" data-element_type=\"container\" data-e-type=\"container\" data-settings=\"{&quot;background_background&quot;:&quot;classic&quot;}\">\n\t\t\t\t\t<div class=\"e-con-inner\">\n\t\t\t\t<div class=\"elementor-element elementor-element-f097b58 expo-text-reveal elementor-widget elementor-widget-text-editor\" data-id=\"f097b58\" data-element_type=\"widget\" data-e-type=\"widget\" data-widget_type=\"text-editor.default\">\n\t\t\t\t\t\t\t\t\t<h2 style=\"font-family: DM Serif Display; font-size: 36px; margin-bottom: 24px;\">La mayor celebraci\u00f3n del queso artesanal brasile\u00f1o<\/h2>\n                <p>La ExpoQueijo Brasil es el mayor evento dedicado al queso artesanal de Am\u00e9rica Latina. En su 6\u00aa edici\u00f3n, el evento re\u00fane a productores, affineurs, chefs, sommeliers y aficionados de todo Brasil y del mundo.<\/p>\n                <p>Realizado en el ic\u00f3nico Grande Hotel Termas de Arax\u00e1, en Minas Gerais, el evento es una celebraci\u00f3n de la cultura, tradici\u00f3n e innovaci\u00f3n del queso artesanal brasile\u00f1o.<\/p>\t\t\t\t\t\t\t\t<\/div>\n\t\t\t\t\t<\/div>\n\t\t\t\t<\/div>\n\t\t<div class=\"elementor-element elementor-element-d8c46ab e-con-boxed e-flex e-con e-parent\" data-id=\"d8c46ab\" data-element_type=\"container\" data-e-type=\"container\" data-settings=\"{&quot;background_background&quot;:&quot;classic&quot;}\">\n\t\t\t\t\t<div class=\"e-con-inner\">\n\t\t<div class=\"elementor-element elementor-element-4221791 e-con-full e-flex e-con e-child\" data-id=\"4221791\" data-element_type=\"container\" data-e-type=\"container\">\n\t\t\t\t<div class=\"elementor-element elementor-element-4aeca71 expo-text-reveal elementor-widget elementor-widget-text-editor\" data-id=\"4aeca71\" data-element_type=\"widget\" data-e-type=\"widget\" data-widget_type=\"text-editor.default\">\n\t\t\t\t\t\t\t\t\t<h3 style=\"font-family: DM Serif Display; font-size: 28px; margin-bottom: 16px;\">25 a 28 de junio de 2026<\/h3>\n                <p><strong>Local:<\/strong> Grande Hotel Termas de Arax\u00e1<br>\n                <strong>Ciudad:<\/strong> Arax\u00e1, Minas Gerais<br>\n                <strong>Edici\u00f3n:<\/strong> 6\u00aa ExpoQueijo Brasil<\/p>\n                <p>Cuatro d\u00edas de inmersi\u00f3n en el universo del queso artesanal, con degustaciones, conferencias, talleres, concurso internacional y mucho m\u00e1s.<\/p>\t\t\t\t\t\t\t\t<\/div>\n\t\t\t\t<\/div>\n\t\t<div class=\"elementor-element elementor-element-f20a81b e-con-full e-flex e-con e-child\" data-id=\"f20a81b\" data-element_type=\"container\" data-e-type=\"container\">\n\t\t\t\t<div class=\"elementor-element elementor-element-e6aa915 expo-text-reveal elementor-widget elementor-widget-text-editor\" data-id=\"e6aa915\" data-element_type=\"widget\" data-e-type=\"widget\" data-widget_type=\"text-editor.default\">\n\t\t\t\t\t\t\t\t\t<h3 style=\"font-family: DM Serif Display; font-size: 28px; margin-bottom: 16px;\">Qu\u00e9 esperar<\/h3>\n                <ul style=\"list-style: none; padding: 0;\">\n                    <li style=\"padding: 8px 0; border-bottom: 1px solid rgba(0,0,0,0.1);\">\ud83e\uddc0 Concurso Internacional de Quesos<\/li>\n                    <li style=\"padding: 8px 0; border-bottom: 1px solid rgba(0,0,0,0.1);\">\ud83c\udf93 Foro de Conocimiento y Talleres<\/li>\n                    <li style=\"padding: 8px 0; border-bottom: 1px solid rgba(0,0,0,0.1);\">\ud83c\udfea Feria de Productores y Expositores<\/li>\n                    <li style=\"padding: 8px 0; border-bottom: 1px solid rgba(0,0,0,0.1);\">\ud83c\udf7d\ufe0f Villa Gastron\u00f3mica<\/li>\n                    <li style=\"padding: 8px 0;\">\ud83d\udcf8 Experiencias Culturales y Sensoriales<\/li>\n                <\/ul>\t\t\t\t\t\t\t\t<\/div>\n\t\t\t\t<\/div>\n\t\t\t\t\t<\/div>\n\t\t\t\t<\/div>\n\t\t<div class=\"elementor-element elementor-element-446ba6e e-con-boxed e-flex e-con e-parent\" data-id=\"446ba6e\" data-element_type=\"container\" data-e-type=\"container\" data-settings=\"{&quot;background_background&quot;:&quot;classic&quot;}\">\n\t\t\t\t\t<div class=\"e-con-inner\">\n\t\t\t\t<div class=\"elementor-element elementor-element-3af9b53 elementor-widget elementor-widget-heading\" data-id=\"3af9b53\" data-element_type=\"widget\" data-e-type=\"widget\" data-widget_type=\"heading.default\">\n\t\t\t\t\t<h2 class=\"elementor-heading-title elementor-size-default\">Participe de la 6\u00aa Edici\u00f3n<\/h2>\t\t\t\t<\/div>\n\t\t\t\t<div class=\"elementor-element elementor-element-8e2b3df elementor-align-center elementor-button-default expo-btn expo-btn-acento elementor-widget elementor-widget-button\" data-id=\"8e2b3df\" data-element_type=\"widget\" data-e-type=\"widget\" data-widget_type=\"button.default\">\n\t\t\t\t\t\t\t\t\t\t<a class=\"elementor-button elementor-button-link elementor-size-sm\" href=\"\/programacao\/\">\n\t\t\t\t\t\t<span class=\"elementor-button-content-wrapper\">\n\t\t\t\t\t\t\t\t\t<span class=\"elementor-button-text\">Saber M\u00e1s<\/span>\n\t\t\t\t\t<\/span>\n\t\t\t\t\t<\/a>\n\t\t\t\t\t\t\t\t<\/div>\n\t\t\t\t\t<\/div>\n\t\t\t\t<\/div>\n\t\t\t\t<\/div>\n\t\t","protected":false},"excerpt":{"rendered":"<p>ExpoQueijo Brasil 2026 \u2014 El mayor evento de valorizaci\u00f3n del queso artesanal del mundo. Del 25 al 28 de junio en Arax\u00e1, Minas Gerais.<\/p>\n","protected":false},"author":2,"featured_media":0,"parent":0,"menu_order":0,"comment_status":"closed","ping_status":"closed","template":"elementor_header_footer","meta":{"_acf_changed":false,"footnotes":""},"class_list":["post-655","page","type-page","status-publish","hentry"],"acf":[],"_links":{"self":[{"href":"https:\/\/expoqueijobrasil.com.br\/es\/wp-json\/wp\/v2\/pages\/655","targetHints":{"allow":["GET"]}}],"collection":[{"href":"https:\/\/expoqueijobrasil.com.br\/es\/wp-json\/wp\/v2\/pages"}],"about":[{"href":"https:\/\/expoqueijobrasil.com.br\/es\/wp-json\/wp\/v2\/types\/page"}],"author":[{"embeddable":true,"href":"https:\/\/expoqueijobrasil.com.br\/es\/wp-json\/wp\/v2\/users\/2"}],"replies":[{"embeddable":true,"href":"https:\/\/expoqueijobrasil.com.br\/es\/wp-json\/wp\/v2\/comments?post=655"}],"version-history":[{"count":1,"href":"https:\/\/expoqueijobrasil.com.br\/es\/wp-json\/wp\/v2\/pages\/655\/revisions"}],"predecessor-version":[{"id":656,"href":"https:\/\/expoqueijobrasil.com.br\/es\/wp-json\/wp\/v2\/pages\/655\/revisions\/656"}],"wp:attachment":[{"href":"https:\/\/expoqueijobrasil.com.br\/es\/wp-json\/wp\/v2\/media?parent=655"}],"curies":[{"name":"wp","href":"https:\/\/api.w.org\/{rel}","templated":true}]}}