{"id":754,"date":"2026-02-21T12:14:16","date_gmt":"2026-02-21T15:14:16","guid":{"rendered":"https:\/\/expoqueijobrasil.com.br\/fotos\/"},"modified":"2026-03-14T15:53:49","modified_gmt":"2026-03-14T18:53:49","slug":"fotos","status":"publish","type":"page","link":"https:\/\/expoqueijobrasil.com.br\/en\/fotos\/","title":{"rendered":"Fotos"},"content":{"rendered":"\t\t<div data-elementor-type=\"wp-page\" data-elementor-id=\"754\" class=\"elementor elementor-754 elementor-26\" data-elementor-post-type=\"page\">\n\t\t\t\t<div class=\"elementor-element elementor-element-d4fdde7 e-con-full e-flex e-con e-parent\" data-id=\"d4fdde7\" data-element_type=\"container\" data-e-type=\"container\" data-settings=\"{&quot;background_background&quot;:&quot;classic&quot;}\">\n\t\t\t\t<div class=\"elementor-element elementor-element-bea90ea expo-text-reveal elementor-widget elementor-widget-heading\" data-id=\"bea90ea\" data-element_type=\"widget\" data-e-type=\"widget\" data-widget_type=\"heading.default\">\n\t\t\t\t\t<h1 class=\"elementor-heading-title elementor-size-default\">Fotos<\/h1>\t\t\t\t<\/div>\n\t\t\t\t<div class=\"elementor-element elementor-element-78049ed expo-word-reveal elementor-widget elementor-widget-text-editor\" data-id=\"78049ed\" data-element_type=\"widget\" data-e-type=\"widget\" data-widget_type=\"text-editor.default\">\n\t\t\t\t\t\t\t\t\t<p style=\"text-align:center; color: rgba(255,255,255,0.7); font-family: Montserrat; font-size: 16px; letter-spacing: 2px; text-transform: uppercase; margin-top: 16px;\">Galeria de Imagens<\/p>\t\t\t\t\t\t\t\t<\/div>\n\t\t\t\t<\/div>\n\t\t<div class=\"elementor-element elementor-element-a72decf e-flex e-con-boxed e-con e-parent\" data-id=\"a72decf\" data-element_type=\"container\" data-e-type=\"container\" data-settings=\"{&quot;background_background&quot;:&quot;classic&quot;}\">\n\t\t\t\t\t<div class=\"e-con-inner\">\n\t\t\t\t<div class=\"elementor-element elementor-element-e549e2a expo-text-reveal elementor-widget elementor-widget-text-editor\" data-id=\"e549e2a\" data-element_type=\"widget\" data-e-type=\"widget\" data-widget_type=\"text-editor.default\">\n\t\t\t\t\t\t\t\t\t<h2 style=\"font-family: DM Serif Display; font-size: 36px; margin-bottom: 24px;\">Galeria de Fotos<\/h2>\r\n                <p>Reviva os melhores momentos das edi\u00e7\u00f5es anteriores da ExpoQueijo Brasil. Queijos premiados, encontros especiais, oficinas, degusta\u00e7\u00f5es e toda a atmosfera \u00fanica do evento.<\/p>\r\n                <p>As fotos da 6\u00aa edi\u00e7\u00e3o ser\u00e3o publicadas aqui ap\u00f3s o evento.<\/p>\t\t\t\t\t\t\t\t<\/div>\n\t\t\t\t<div class=\"elementor-element elementor-element-f20cf9e elementor-widget elementor-widget-expoqueijo_lightbox_grid\" data-id=\"f20cf9e\" data-element_type=\"widget\" data-e-type=\"widget\" data-widget_type=\"expoqueijo_lightbox_grid.default\">\n\t\t\t\t<div class=\"elementor-widget-container\">\n\t\t\t\t\t<div class=\"expoqueijo-gallery-grid\" data-hover=\"zoom\" data-scroll-reveal=\"yes\" data-reveal-type=\"stagger\">            <div class=\"gallery-item\">\r\n                <a href=\"https:\/\/expoqueijobrasil.com.br\/wp-content\/uploads\/2026\/03\/1o-dia-Expoqueijo-2025-Tardelli.-60.jpg\" data-elementor-open-lightbox=\"yes\"\r\n                    data-elementor-lightbox-slideshow=\"expoqueijo-gallery-f20cf9e\"\r\n                    data-elementor-lightbox-title=\"\">\r\n                    <img decoding=\"async\" src=\"https:\/\/expoqueijobrasil.com.br\/wp-content\/uploads\/2026\/03\/1o-dia-Expoqueijo-2025-Tardelli.-60-768x512.jpg\" alt=\"\" loading=\"lazy\" \/>\r\n                                    <\/a>\r\n            <\/div>\r\n                        <div class=\"gallery-item\">\r\n                <a href=\"https:\/\/expoqueijobrasil.com.br\/wp-content\/uploads\/2026\/03\/1o-dia-Expoqueijo-2025-Tardelli.-254.jpg\" data-elementor-open-lightbox=\"yes\"\r\n                    data-elementor-lightbox-slideshow=\"expoqueijo-gallery-f20cf9e\"\r\n                    data-elementor-lightbox-title=\"\">\r\n                    <img decoding=\"async\" src=\"https:\/\/expoqueijobrasil.com.br\/wp-content\/uploads\/2026\/03\/1o-dia-Expoqueijo-2025-Tardelli.-254-768x512.jpg\" alt=\"\" loading=\"lazy\" \/>\r\n                                    <\/a>\r\n            <\/div>\r\n                        <div class=\"gallery-item\">\r\n                <a href=\"https:\/\/expoqueijobrasil.com.br\/wp-content\/uploads\/2026\/03\/1o-dia-Expoqueijo-2025-Tardelli.-259.jpg\" data-elementor-open-lightbox=\"yes\"\r\n                    data-elementor-lightbox-slideshow=\"expoqueijo-gallery-f20cf9e\"\r\n                    data-elementor-lightbox-title=\"\">\r\n                    <img decoding=\"async\" src=\"https:\/\/expoqueijobrasil.com.br\/wp-content\/uploads\/2026\/03\/1o-dia-Expoqueijo-2025-Tardelli.-259-768x512.jpg\" alt=\"\" loading=\"lazy\" \/>\r\n                                    <\/a>\r\n            <\/div>\r\n                        <div class=\"gallery-item\">\r\n                <a href=\"https:\/\/expoqueijobrasil.com.br\/wp-content\/uploads\/2026\/03\/Copia-de-1o-dia-Expoqueijo-2025-Tardelli.-311.jpg\" data-elementor-open-lightbox=\"yes\"\r\n                    data-elementor-lightbox-slideshow=\"expoqueijo-gallery-f20cf9e\"\r\n                    data-elementor-lightbox-title=\"\">\r\n                    <img decoding=\"async\" src=\"https:\/\/expoqueijobrasil.com.br\/wp-content\/uploads\/2026\/03\/Copia-de-1o-dia-Expoqueijo-2025-Tardelli.-311-768x512.jpg\" alt=\"\" loading=\"lazy\" \/>\r\n                                    <\/a>\r\n            <\/div>\r\n                        <div class=\"gallery-item\">\r\n                <a href=\"https:\/\/expoqueijobrasil.com.br\/wp-content\/uploads\/2026\/03\/Copia-de-1o-dia-Expoqueijo-2025-Tardelli.-423.jpg\" data-elementor-open-lightbox=\"yes\"\r\n                    data-elementor-lightbox-slideshow=\"expoqueijo-gallery-f20cf9e\"\r\n                    data-elementor-lightbox-title=\"\">\r\n                    <img decoding=\"async\" src=\"https:\/\/expoqueijobrasil.com.br\/wp-content\/uploads\/2026\/03\/Copia-de-1o-dia-Expoqueijo-2025-Tardelli.-423-768x512.jpg\" alt=\"\" loading=\"lazy\" \/>\r\n                                    <\/a>\r\n            <\/div>\r\n                        <div class=\"gallery-item\">\r\n                <a href=\"https:\/\/expoqueijobrasil.com.br\/wp-content\/uploads\/2026\/03\/Copia-de-2o-dia-Expoqueijo-2025-Tardelli.-81.jpg\" data-elementor-open-lightbox=\"yes\"\r\n                    data-elementor-lightbox-slideshow=\"expoqueijo-gallery-f20cf9e\"\r\n                    data-elementor-lightbox-title=\"\">\r\n                    <img decoding=\"async\" src=\"https:\/\/expoqueijobrasil.com.br\/wp-content\/uploads\/2026\/03\/Copia-de-2o-dia-Expoqueijo-2025-Tardelli.-81-768x512.jpg\" alt=\"\" loading=\"lazy\" \/>\r\n                                    <\/a>\r\n            <\/div>\r\n                        <div class=\"gallery-item\">\r\n                <a href=\"https:\/\/expoqueijobrasil.com.br\/wp-content\/uploads\/2026\/03\/Copia-de-2o-dia-Expoqueijo-2025-Tardelli.-173.jpg\" data-elementor-open-lightbox=\"yes\"\r\n                    data-elementor-lightbox-slideshow=\"expoqueijo-gallery-f20cf9e\"\r\n                    data-elementor-lightbox-title=\"\">\r\n                    <img decoding=\"async\" src=\"https:\/\/expoqueijobrasil.com.br\/wp-content\/uploads\/2026\/03\/Copia-de-2o-dia-Expoqueijo-2025-Tardelli.-173-768x512.jpg\" alt=\"\" loading=\"lazy\" \/>\r\n                                    <\/a>\r\n            <\/div>\r\n                        <div class=\"gallery-item\">\r\n                <a href=\"https:\/\/expoqueijobrasil.com.br\/wp-content\/uploads\/2026\/03\/Copia-de-2o-dia-Expoqueijo-2025-Tardelli.-388.jpg\" data-elementor-open-lightbox=\"yes\"\r\n                    data-elementor-lightbox-slideshow=\"expoqueijo-gallery-f20cf9e\"\r\n                    data-elementor-lightbox-title=\"\">\r\n                    <img decoding=\"async\" src=\"https:\/\/expoqueijobrasil.com.br\/wp-content\/uploads\/2026\/03\/Copia-de-2o-dia-Expoqueijo-2025-Tardelli.-388-768x512.jpg\" alt=\"\" loading=\"lazy\" \/>\r\n                                    <\/a>\r\n            <\/div>\r\n                        <div class=\"gallery-item\">\r\n                <a href=\"https:\/\/expoqueijobrasil.com.br\/wp-content\/uploads\/2026\/03\/Copia-de-2o-dia-Expoqueijo-2025-Tardelli.-390.jpg\" data-elementor-open-lightbox=\"yes\"\r\n                    data-elementor-lightbox-slideshow=\"expoqueijo-gallery-f20cf9e\"\r\n                    data-elementor-lightbox-title=\"\">\r\n                    <img decoding=\"async\" src=\"https:\/\/expoqueijobrasil.com.br\/wp-content\/uploads\/2026\/03\/Copia-de-2o-dia-Expoqueijo-2025-Tardelli.-390-768x512.jpg\" alt=\"\" loading=\"lazy\" \/>\r\n                                    <\/a>\r\n            <\/div>\r\n                        <div class=\"gallery-item\">\r\n                <a href=\"https:\/\/expoqueijobrasil.com.br\/wp-content\/uploads\/2026\/03\/Copia-de-2o-dia-Expoqueijo-2025-Tardelli.-410.jpg\" data-elementor-open-lightbox=\"yes\"\r\n                    data-elementor-lightbox-slideshow=\"expoqueijo-gallery-f20cf9e\"\r\n                    data-elementor-lightbox-title=\"\">\r\n                    <img decoding=\"async\" src=\"https:\/\/expoqueijobrasil.com.br\/wp-content\/uploads\/2026\/03\/Copia-de-2o-dia-Expoqueijo-2025-Tardelli.-410-768x512.jpg\" alt=\"\" loading=\"lazy\" \/>\r\n                                    <\/a>\r\n            <\/div>\r\n                        <div class=\"gallery-item\">\r\n                <a href=\"https:\/\/expoqueijobrasil.com.br\/wp-content\/uploads\/2026\/03\/Copia-de-Degustacao-e-premiacao-Expoqueijo-2025.-18.jpg\" data-elementor-open-lightbox=\"yes\"\r\n                    data-elementor-lightbox-slideshow=\"expoqueijo-gallery-f20cf9e\"\r\n                    data-elementor-lightbox-title=\"\">\r\n                    <img decoding=\"async\" src=\"https:\/\/expoqueijobrasil.com.br\/wp-content\/uploads\/2026\/03\/Copia-de-Degustacao-e-premiacao-Expoqueijo-2025.-18-768x512.jpg\" alt=\"\" loading=\"lazy\" \/>\r\n                                    <\/a>\r\n            <\/div>\r\n                        <div class=\"gallery-item\">\r\n                <a href=\"https:\/\/expoqueijobrasil.com.br\/wp-content\/uploads\/2026\/03\/Copia-de-Degustacao-e-premiacao-Expoqueijo-2025.-96.jpg\" data-elementor-open-lightbox=\"yes\"\r\n                    data-elementor-lightbox-slideshow=\"expoqueijo-gallery-f20cf9e\"\r\n                    data-elementor-lightbox-title=\"\">\r\n                    <img decoding=\"async\" src=\"https:\/\/expoqueijobrasil.com.br\/wp-content\/uploads\/2026\/03\/Copia-de-Degustacao-e-premiacao-Expoqueijo-2025.-96-768x512.jpg\" alt=\"\" loading=\"lazy\" \/>\r\n                                    <\/a>\r\n            <\/div>\r\n                        <div class=\"gallery-item\">\r\n                <a href=\"https:\/\/expoqueijobrasil.com.br\/wp-content\/uploads\/2026\/03\/Copia-de-DSC_6861.jpg\" data-elementor-open-lightbox=\"yes\"\r\n                    data-elementor-lightbox-slideshow=\"expoqueijo-gallery-f20cf9e\"\r\n                    data-elementor-lightbox-title=\"\">\r\n                    <img decoding=\"async\" src=\"https:\/\/expoqueijobrasil.com.br\/wp-content\/uploads\/2026\/03\/Copia-de-DSC_6861-768x512.jpg\" alt=\"\" loading=\"lazy\" \/>\r\n                                    <\/a>\r\n            <\/div>\r\n                        <div class=\"gallery-item\">\r\n                <a href=\"https:\/\/expoqueijobrasil.com.br\/wp-content\/uploads\/2026\/03\/Copia-de-DSC_7022.jpg\" data-elementor-open-lightbox=\"yes\"\r\n                    data-elementor-lightbox-slideshow=\"expoqueijo-gallery-f20cf9e\"\r\n                    data-elementor-lightbox-title=\"\">\r\n                    <img decoding=\"async\" src=\"https:\/\/expoqueijobrasil.com.br\/wp-content\/uploads\/2026\/03\/Copia-de-DSC_7022-768x512.jpg\" alt=\"\" loading=\"lazy\" \/>\r\n                                    <\/a>\r\n            <\/div>\r\n                        <div class=\"gallery-item\">\r\n                <a href=\"https:\/\/expoqueijobrasil.com.br\/wp-content\/uploads\/2026\/03\/DSC_6363.jpg\" data-elementor-open-lightbox=\"yes\"\r\n                    data-elementor-lightbox-slideshow=\"expoqueijo-gallery-f20cf9e\"\r\n                    data-elementor-lightbox-title=\"\">\r\n                    <img decoding=\"async\" src=\"https:\/\/expoqueijobrasil.com.br\/wp-content\/uploads\/2026\/03\/DSC_6363-768x512.jpg\" alt=\"\" loading=\"lazy\" \/>\r\n                                    <\/a>\r\n            <\/div>\r\n                        <div class=\"gallery-item\">\r\n                <a href=\"https:\/\/expoqueijobrasil.com.br\/wp-content\/uploads\/2026\/03\/DSC_6399.jpg\" data-elementor-open-lightbox=\"yes\"\r\n                    data-elementor-lightbox-slideshow=\"expoqueijo-gallery-f20cf9e\"\r\n                    data-elementor-lightbox-title=\"\">\r\n                    <img decoding=\"async\" src=\"https:\/\/expoqueijobrasil.com.br\/wp-content\/uploads\/2026\/03\/DSC_6399-768x512.jpg\" alt=\"\" loading=\"lazy\" \/>\r\n                                    <\/a>\r\n            <\/div>\r\n                        <div class=\"gallery-item\">\r\n                <a href=\"https:\/\/expoqueijobrasil.com.br\/wp-content\/uploads\/2026\/03\/DSC_6770.jpg\" data-elementor-open-lightbox=\"yes\"\r\n                    data-elementor-lightbox-slideshow=\"expoqueijo-gallery-f20cf9e\"\r\n                    data-elementor-lightbox-title=\"\">\r\n                    <img decoding=\"async\" src=\"https:\/\/expoqueijobrasil.com.br\/wp-content\/uploads\/2026\/03\/DSC_6770-768x512.jpg\" alt=\"\" loading=\"lazy\" \/>\r\n                                    <\/a>\r\n            <\/div>\r\n                        <div class=\"gallery-item\">\r\n                <a href=\"https:\/\/expoqueijobrasil.com.br\/wp-content\/uploads\/2026\/03\/DSC_6889.jpg\" data-elementor-open-lightbox=\"yes\"\r\n                    data-elementor-lightbox-slideshow=\"expoqueijo-gallery-f20cf9e\"\r\n                    data-elementor-lightbox-title=\"\">\r\n                    <img decoding=\"async\" src=\"https:\/\/expoqueijobrasil.com.br\/wp-content\/uploads\/2026\/03\/DSC_6889-768x512.jpg\" alt=\"\" loading=\"lazy\" \/>\r\n                                    <\/a>\r\n            <\/div>\r\n                        <div class=\"gallery-item\">\r\n                <a href=\"https:\/\/expoqueijobrasil.com.br\/wp-content\/uploads\/2026\/03\/DSC_7145.jpg\" data-elementor-open-lightbox=\"yes\"\r\n                    data-elementor-lightbox-slideshow=\"expoqueijo-gallery-f20cf9e\"\r\n                    data-elementor-lightbox-title=\"\">\r\n                    <img decoding=\"async\" src=\"https:\/\/expoqueijobrasil.com.br\/wp-content\/uploads\/2026\/03\/DSC_7145-768x512.jpg\" alt=\"\" loading=\"lazy\" \/>\r\n                                    <\/a>\r\n            <\/div>\r\n                        <div class=\"gallery-item\">\r\n                <a href=\"https:\/\/expoqueijobrasil.com.br\/wp-content\/uploads\/2026\/03\/DSC_7193.jpg\" data-elementor-open-lightbox=\"yes\"\r\n                    data-elementor-lightbox-slideshow=\"expoqueijo-gallery-f20cf9e\"\r\n                    data-elementor-lightbox-title=\"\">\r\n                    <img decoding=\"async\" src=\"https:\/\/expoqueijobrasil.com.br\/wp-content\/uploads\/2026\/03\/DSC_7193-768x512.jpg\" alt=\"\" loading=\"lazy\" \/>\r\n                                    <\/a>\r\n            <\/div>\r\n                        <div class=\"gallery-item\">\r\n                <a href=\"https:\/\/expoqueijobrasil.com.br\/wp-content\/uploads\/2026\/03\/DSC_7583.jpg\" data-elementor-open-lightbox=\"yes\"\r\n                    data-elementor-lightbox-slideshow=\"expoqueijo-gallery-f20cf9e\"\r\n                    data-elementor-lightbox-title=\"\">\r\n                    <img decoding=\"async\" src=\"https:\/\/expoqueijobrasil.com.br\/wp-content\/uploads\/2026\/03\/DSC_7583-768x512.jpg\" alt=\"\" loading=\"lazy\" \/>\r\n                                    <\/a>\r\n            <\/div>\r\n                        <div class=\"gallery-item\">\r\n                <a href=\"https:\/\/expoqueijobrasil.com.br\/wp-content\/uploads\/2026\/03\/DSC_7725.jpg\" data-elementor-open-lightbox=\"yes\"\r\n                    data-elementor-lightbox-slideshow=\"expoqueijo-gallery-f20cf9e\"\r\n                    data-elementor-lightbox-title=\"\">\r\n                    <img decoding=\"async\" src=\"https:\/\/expoqueijobrasil.com.br\/wp-content\/uploads\/2026\/03\/DSC_7725-768x512.jpg\" alt=\"\" loading=\"lazy\" \/>\r\n                                    <\/a>\r\n            <\/div>\r\n                        <div class=\"gallery-item\">\r\n                <a href=\"https:\/\/expoqueijobrasil.com.br\/wp-content\/uploads\/2026\/03\/DSC_8107.jpg\" data-elementor-open-lightbox=\"yes\"\r\n                    data-elementor-lightbox-slideshow=\"expoqueijo-gallery-f20cf9e\"\r\n                    data-elementor-lightbox-title=\"\">\r\n                    <img decoding=\"async\" src=\"https:\/\/expoqueijobrasil.com.br\/wp-content\/uploads\/2026\/03\/DSC_8107-768x512.jpg\" alt=\"\" loading=\"lazy\" \/>\r\n                                    <\/a>\r\n            <\/div>\r\n                        <div class=\"gallery-item\">\r\n                <a href=\"https:\/\/expoqueijobrasil.com.br\/wp-content\/uploads\/2026\/03\/DSC_9209.jpg\" data-elementor-open-lightbox=\"yes\"\r\n                    data-elementor-lightbox-slideshow=\"expoqueijo-gallery-f20cf9e\"\r\n                    data-elementor-lightbox-title=\"\">\r\n                    <img decoding=\"async\" src=\"https:\/\/expoqueijobrasil.com.br\/wp-content\/uploads\/2026\/03\/DSC_9209-768x512.jpg\" alt=\"\" loading=\"lazy\" \/>\r\n                                    <\/a>\r\n            <\/div>\r\n            <\/div>\t\t\t\t<\/div>\n\t\t\t\t<\/div>\n\t\t\t\t\t<\/div>\n\t\t\t\t<\/div>\n\t\t\t\t<\/div>\n\t\t","protected":false},"excerpt":{"rendered":"<p>Galeria de fotos do ExpoQueijo Brasil 2026. Os melhores momentos do evento em imagens.<\/p>\n","protected":false},"author":2,"featured_media":0,"parent":0,"menu_order":11,"comment_status":"closed","ping_status":"closed","template":"elementor_header_footer","meta":{"_acf_changed":false,"footnotes":""},"class_list":["post-754","page","type-page","status-publish","hentry"],"acf":[],"_links":{"self":[{"href":"https:\/\/expoqueijobrasil.com.br\/en\/wp-json\/wp\/v2\/pages\/754","targetHints":{"allow":["GET"]}}],"collection":[{"href":"https:\/\/expoqueijobrasil.com.br\/en\/wp-json\/wp\/v2\/pages"}],"about":[{"href":"https:\/\/expoqueijobrasil.com.br\/en\/wp-json\/wp\/v2\/types\/page"}],"author":[{"embeddable":true,"href":"https:\/\/expoqueijobrasil.com.br\/en\/wp-json\/wp\/v2\/users\/2"}],"replies":[{"embeddable":true,"href":"https:\/\/expoqueijobrasil.com.br\/en\/wp-json\/wp\/v2\/comments?post=754"}],"version-history":[{"count":3,"href":"https:\/\/expoqueijobrasil.com.br\/en\/wp-json\/wp\/v2\/pages\/754\/revisions"}],"predecessor-version":[{"id":950,"href":"https:\/\/expoqueijobrasil.com.br\/en\/wp-json\/wp\/v2\/pages\/754\/revisions\/950"}],"wp:attachment":[{"href":"https:\/\/expoqueijobrasil.com.br\/en\/wp-json\/wp\/v2\/media?parent=754"}],"curies":[{"name":"wp","href":"https:\/\/api.w.org\/{rel}","templated":true}]}}